{"id":19279,"date":"2022-05-06T12:59:05","date_gmt":"2022-05-06T10:59:05","guid":{"rendered":"https:\/\/www.germinadorsocial.com\/?page_id=19279"},"modified":"2022-10-26T17:56:39","modified_gmt":"2022-10-26T15:56:39","slug":"germinador-social-2022","status":"publish","type":"page","link":"https:\/\/www.germinadorsocial.com\/ca\/germinador-social-2022\/","title":{"rendered":"GERMINADOR SOCIAL 2022"},"content":{"rendered":"<div class=\"wpb-content-wrapper\">[vc_row full_width=&#8221;stretch_row&#8221; content_placement=&#8221;middle&#8221; bg_type=&#8221;bg_color&#8221; css=&#8221;.vc_custom_1593623668364{padding-top: 25px !important;}&#8221; bg_color_value=&#8221;#675c29&#8243;][vc_column width=&#8221;2\/4&#8243;]<div class=\"vcex-spacing\" style=\"height:30px\"><\/div>[vc_custom_heading text=&#8221;CONCURS D&#8217;INNOVACI\u00d3&#8221; font_container=&#8221;tag:h2|font_size:25px|text_align:left|color:%23bbbb14|line_height:27px&#8221; google_fonts=&#8221;font_family:Open%20Sans%3A300%2C300italic%2Cregular%2Citalic%2C600%2C600italic%2C700%2C700italic%2C800%2C800italic|font_style:400%20regular%3A400%3Anormal&#8221;][vc_custom_heading text=&#8221;PER A LA TRANSICI\u00d3 ENERG\u00c8TICA&#8221; font_container=&#8221;tag:h2|font_size:25px|text_align:left|color:%23ffffff|line_height:27px&#8221; google_fonts=&#8221;font_family:Open%20Sans%3A300%2C300italic%2Cregular%2Citalic%2C600%2C600italic%2C700%2C700italic%2C800%2C800italic|font_style:800%20bold%20regular%3A800%3Anormal&#8221;][vc_raw_html]JTNDcCUyMHN0eWxlJTNEJTIyY29sb3IlM0ElMjAlMjNmZmYlM0JwYWRkaW5nJTNBJTIwNXB4JTIwMTBweCUzQmRpc3BsYXklM0ElMjBpbmxpbmUtYmxvY2slM0JiYWNrZ3JvdW5kJTNBJTIwJTIzYmJiYjE0JTNCbWFyZ2luLXRvcCUzQSUyMDEwcHglM0IlMjIlM0U2JUMyJUFBJTIwRWRpY2klQzMlQjMlM0MlMkZwJTNF[\/vc_raw_html]<div class=\"vcex-spacing hidden-phone\" style=\"height:30px\"><\/div>[\/vc_column][vc_column width=&#8221;1\/4&#8243;][vc_single_image image=&#8221;17002&#8243; onclick=&#8221;custom_link&#8221; img_link_target=&#8221;_blank&#8221; link=&#8221;https:\/\/www.somenergia.coop\/&#8221; visibility=&#8221;hidden-phone&#8221;][\/vc_column][vc_column width=&#8221;1\/4&#8243;][vc_single_image image=&#8221;17003&#8243; img_size=&#8221;500&#215;500&#8243; onclick=&#8221;custom_link&#8221; img_link_target=&#8221;_blank&#8221; link=&#8221;https:\/\/www.coop57.coop\/&#8221;][\/vc_column][\/vc_row][vc_row full_width=&#8221;stretch_row&#8221; local_scroll_id=&#8221;presentacio&#8221; css=&#8221;.vc_custom_1521096348281{margin-top: 120px !important;}&#8221;][vc_column width=&#8221;1\/3&#8243;][vc_custom_heading text=&#8221;PRESENTACI\u00d3&#8221; font_container=&#8221;tag:h2|font_size:25px|text_align:left|color:%23bbbb14|line_height:27px&#8221; google_fonts=&#8221;font_family:Open%20Sans%3A300%2C300italic%2Cregular%2Citalic%2C600%2C600italic%2C700%2C700italic%2C800%2C800italic|font_style:400%20regular%3A400%3Anormal&#8221;][vc_custom_heading text=&#8221;DEL CONCURS&#8221; font_container=&#8221;tag:h2|font_size:25px|text_align:left|color:%236b5c20|line_height:27px&#8221; google_fonts=&#8221;font_family:Open%20Sans%3A300%2C300italic%2Cregular%2Citalic%2C600%2C600italic%2C700%2C700italic%2C800%2C800italic|font_style:800%20bold%20regular%3A800%3Anormal&#8221;][\/vc_column][vc_column width=&#8221;2\/3&#8243;][vc_column_text]\n<p style=\"text-align: justify;\">A Som Energia i Coop57 estem compromeses i ens agrada cooperar pel canvi de model energ\u00e8tic i social. Per aquest motiu estem especialment contentes de presentar el Germinador Social, un concurs per estimular la creaci\u00f3 de models socials innovadors amb l&#8217;objectiu de promoure nous agents locals per a la transici\u00f3 energ\u00e8tica.<\/p>\n<p style=\"text-align: justify; margin: 10px 0px;\"><strong style=\"color: #bbbb14;\">\u00c9s novetat, en aquesta 6a Edici\u00f3, enfocar el concurs en tres \u00faniques categories:<\/strong><\/p>\n<ul class=\"categories\">\n<li><strong style=\"color: #bbbb14;\"><span style=\"text-decoration: underline;\">Comunitats Energ\u00e8tiques<\/span>: projectes que tenen com a objectiu impulsar l&#8217;aparici\u00f3 d\u2019una comunitat de persones que, a trav\u00e9s d&#8217;una participaci\u00f3 oberta i col\u00b7laborativa, pugui emprendre les accions necess\u00e0ries per aconseguir gestionar els recursos energ\u00e8tics a nivell local d\u2019una manera justa, eficient i sostenible.<\/strong><\/li>\n<li><strong style=\"color: #bbbb14;\"><span style=\"text-decoration: underline;\">Pobresa Energ\u00e8tica<\/span>: projectes que tenen com a objectiu mitigar les causes i conseq\u00fc\u00e8ncies, estructurals i contextuals, de la pobresa energ\u00e8tica (dificultat de pagar una quantitat d\u2019energia suficient per satisfer les necessitats dom\u00e8stiques).<br \/>\n<\/strong><\/li>\n<li><strong style=\"color: #bbbb14;\"><span style=\"text-decoration: underline;\">Transici\u00f3 energ\u00e8tica<\/span>: projectes que tenen com a objectiu caminar cap un model energ\u00e8tic renovable, descentralitzat, en mans de la ciutadania i arrelat al territori; fomentant un impacte positiu en la generaci\u00f3, gesti\u00f3 i \u00fas de l&#8217;energia.<br \/>\n<\/strong><\/li>\n<\/ul>\n<p style=\"text-align: justify;\">En aquesta edici\u00f3 es mant\u00e9 la votaci\u00f3 popular, a trav\u00e9s de la qual es decidiran els projectes guanyadors, potenciant aix\u00ed el suport social territorial als projectes i el treball en xarxa a nivell local.<\/p>\n<p style=\"text-align: justify;\">Si est\u00e0s desenvolupant o tens ganes de desenvolupar un projecte dins l\u2019economia social i solid\u00e0ria en un d\u2019aquests dos \u00e0mbits, aquest concurs \u00e9s per a tu!<\/p>\n[\/vc_column_text][vc_empty_space height=&#8221;40px&#8221;][vc_row_inner][vc_column_inner width=&#8221;1\/2&#8243;]<div class=\"vc_custom_1651911813207 wpex-clr\"><div class=\"textcenter theme-button-expanded-wrap theme-button-wrap clr\"><a href=\"https:\/\/docs.google.com\/document\/d\/1woO_6fEmSFilk02v-KsvIW6TnocG8-4ArZIKTMUH1iE\/edit?usp=sharing\" title=\"Bases del concurs\" class=\"vcex-button theme-button minimal-border large align-center expanded animate-on-hover expanded wpex-data-hover\" target=\"_blank\" style=\"background:#ffffff;color:#bbbb14;\" data-hover-background=\"#bbbb14\" data-hover-color=\"#ffffff\"><span class=\"theme-button-inner\">Bases del concurs<\/span><\/a><\/div><\/div> [\/vc_column_inner][vc_column_inner width=&#8221;1\/2&#8243;]<div class=\"vc_custom_1666799797278 wpex-clr\"><div class=\"textcenter theme-button-expanded-wrap theme-button-wrap clr\"><a href=\"https:\/\/blog.somenergia.coop\/?p=43724%20\" title=\"Presentaci\u00f3 projectes premiats\" class=\"vcex-button theme-button minimal-border large align-center expanded animate-on-hover expanded wpex-data-hover\" target=\"_blank\" style=\"background:#ffffff;color:#bbbb14;\" data-hover-background=\"#bbbb14\" data-hover-color=\"#ffffff\"><span class=\"theme-button-inner\">Presentaci\u00f3 premiats<\/span><\/a><\/div><\/div> [\/vc_column_inner][\/vc_row_inner][vc_row_inner disable_element=&#8221;yes&#8221;][vc_column_inner width=&#8221;1\/2&#8243;][\/vc_column_inner][vc_column_inner width=&#8221;1\/2&#8243;]<div class=\"vc_custom_1635936830030 wpex-clr\"><div class=\"textcenter theme-button-expanded-wrap theme-button-wrap clr\"><a href=\"https:\/\/blog.somenergia.coop\/som-energia\/2021\/11\/concurs-germinador-social-premia-comunitats-energetiques-i-pobresa-energetica\/\" title=\"Vota per quatre projectes\" class=\"vcex-button theme-button minimal-border large align-center expanded animate-on-hover expanded wpex-data-hover\" target=\"_blank\" style=\"background:#ffffff;color:#bbbb14;\" data-hover-background=\"#bbbb14\" data-hover-color=\"#ffffff\"><span class=\"theme-button-inner\">Premiats<\/span><\/a><\/div><\/div> <div class=\"vc_custom_1651911533431 wpex-clr\"><div class=\"textcenter theme-button-expanded-wrap theme-button-wrap clr\"><a href=\"https:\/\/forms.gle\/Eqca3A2nyYDtiRJt9\" title=\"Participa en aquesta edici\u00f3\" class=\"vcex-button theme-button minimal-border large align-center expanded animate-on-hover expanded wpex-data-hover\" target=\"_blank\" style=\"background:#ffffff;color:#bbbb14;\" data-hover-background=\"#bbbb14\" data-hover-color=\"#ffffff\"><span class=\"theme-button-inner\">Inscriu-te<\/span><\/a><\/div><\/div> <div class=\"vc_custom_1661268464195 wpex-clr\"><div class=\"textcenter theme-button-expanded-wrap theme-button-wrap clr\"><a href=\"https:\/\/vota.somenergia.coop\/index.php\/72022?lang=ca\" title=\"Vota per nou projectes\" class=\"vcex-button theme-button minimal-border large align-center expanded animate-on-hover expanded wpex-data-hover\" target=\"_blank\" style=\"background:#ffffff;color:#bbbb14;\" data-hover-background=\"#bbbb14\" data-hover-color=\"#ffffff\"><span class=\"theme-button-inner\">Votacions obertes<\/span><\/a><\/div><\/div> [\/vc_column_inner][\/vc_row_inner][\/vc_column][\/vc_row][vc_row full_width=&#8221;stretch_row&#8221; local_scroll_id=&#8221;presentacio&#8221; css=&#8221;.vc_custom_1666608260173{margin-top: 120px !important;}&#8221;][vc_column][vc_column_text]\n<p style=\"text-align: center; text-transform: uppercase;\"><span style=\"font-size: 28px;\"><span style=\"color: #665c2a;\"><strong>Presentaci\u00f3 dels projectes guanyadors de la 5a edici\u00f3<\/strong><\/span><\/span><\/p>\n[\/vc_column_text]<div class=\"vcex-spacing\" style=\"height:50px\"><\/div>[vc_video link=&#8221;https:\/\/www.youtube.com\/watch?v=ddhybVB-ImI&amp;t=4s&#8221; el_width=&#8221;80&#8243; align=&#8221;center&#8221;][\/vc_column][\/vc_row][vc_row full_width=&#8221;stretch_row&#8221; bg_type=&#8221;bg_color&#8221; bg_override=&#8221;full&#8221; css=&#8221;.vc_custom_1593624267722{margin-top: 90px !important;margin-bottom: 0px !important;}&#8221; bg_color_value=&#8221;#ffffff&#8221; local_scroll_id=&#8221;calendari&#8221;][vc_column][vc_empty_space height=&#8221;40px&#8221;][vc_column_text css=&#8221;.vc_custom_1521033698586{margin-bottom: 30px !important;}&#8221;]\n<p style=\"text-align: center;\"><span style=\"font-size: 28px;\"><span style=\"color: #665c2a;\"><strong>CALENDARI<\/strong><\/span><\/span><\/p>\n[\/vc_column_text][vc_empty_space height=&#8221;40px&#8221;][vc_raw_html]JTNDZGl2JTIwY2xhc3MlM0QlMjJzZWN0aW9uJTIwZ3JvdXAlMjIlM0UlMEElMEElMDklM0NkaXYlMjBjbGFzcyUzRCUyMmNvbCUyMHNwYW5fMV9vZl81JTIwcGFzc2FkYSUyMiUzRSUwQSUyMCUyMCUyMCUyMCUyMCUyMCUyMCUyMCUzQ3N2ZyUyMGNsYXNzJTNEJTIyZmxldHhhJTIyJTIweG1sbnMlM0QlMjJodHRwJTNBJTJGJTJGd3d3LnczLm9yZyUyRjIwMDAlMkZzdmclMjIlMjB3aWR0aCUzRCUyMjY4JTIyJTIwaGVpZ2h0JTNEJTIyOTglMjIlMjB2aWV3Qm94JTNEJTIyMCUyMDAlMjA2MSUyMDkwJTIyJTNFJTNDZyUyMGlkJTNEJTIyQ2FwYV8yJTIyJTIwZGF0YS1uYW1lJTNEJTIyQ2FwYSUyMDIlMjIlM0UlM0NnJTIwaWQlM0QlMjJDYXBhXzEtMiUyMiUyMGRhdGEtbmFtZSUzRCUyMkNhcGElMjAxJTIyJTNFJTNDcG9seWdvbiUyMGNsYXNzJTNEJTIyY2xzLTElMjIlMjBwb2ludHMlM0QlMjIxNyUyMDAlMjA2MSUyMDQ1JTIwMTclMjA5MCUyMDAlMjA3MiUyMDI3JTIwNDUlMjAwJTIwMTglMjAxNyUyMDAlMjIlMkYlM0UlM0MlMkZnJTNFJTNDJTJGZyUzRSUzQyUyRnN2ZyUzRSUwQSUwQSUyMCUyMCUyMCUyMCUyMCUyMCUyMCUwQSUyMCUyMCUyMCUyMCUyMCUyMCUyMCUyMCUzQ3N2ZyUyMGNsYXNzJTNEJTIyaWNvbmVzZXN0YXQlMjIlMjB4bWxucyUzRCUyMmh0dHAlM0ElMkYlMkZ3d3cudzMub3JnJTJGMjAwMCUyRnN2ZyUyMiUyMHdpZHRoJTNEJTIyMzAlMjIlMjBoZWlnaHQlM0QlMjIzMCUyMiUyMHZpZXdCb3glM0QlMjIwJTIwMCUyMDI0JTIwMjQlMjIlM0UlM0NkZWZzJTNFJTNDc3R5bGUlM0UuY2xzLTElN0JmaWxsJTNBJTIzRkZGRkZGJTNCJTdEJTNDJTJGc3R5bGUlM0UlM0MlMkZkZWZzJTNFJTNDcGF0aCUyMGQlM0QlMjJNMTIlMjAwYy02LjYyNyUyMDAtMTIlMjA1LjM3My0xMiUyMDEyczUuMzczJTIwMTIlMjAxMiUyMDEyJTIwMTItNS4zNzMlMjAxMi0xMi01LjM3My0xMi0xMi0xMnptLTEuMjUlMjAxNy4yOTJsLTQuNS00LjM2NCUyMDEuODU3LTEuODU4JTIwMi42NDMlMjAyLjUwNiUyMDUuNjQzLTUuNzg0JTIwMS44NTclMjAxLjg1Ny03LjUlMjA3LjY0M3olMjIlMkYlM0UlM0MlMkZzdmclM0UlMEElMEElMDklM0NwJTIwY2xhc3MlM0QlMjJmYXNlJTIyJTNFRmFzZSUyMDElM0MlMkZwJTNFJTBBJTA5JTNDcCUyMGNsYXNzJTNEJTIyZXN0YXQlMjIlM0VJbnNjcmlwY2klQzMlQjMlM0NiciUyRiUzRSUzQyUyRnAlM0UlMEElMDklM0NwJTIwY2xhc3MlM0QlMjJkYXRlcyUyMiUzRTI1JTJGMDUlMkYyMDIyJTIwJTNFJTIwMDMlMkYwNyUyRjIwMjIlM0MlMkZwJTNFJTBBJTA5JTBBJTA5JTNDJTJGZGl2JTNFJTBBJTBBJTIwJTIwJTIwJTIwJTNDZGl2JTIwY2xhc3MlM0QlMjJjb2wlMjBzcGFuXzFfb2ZfNSUyMHBhc3NhZGElMjIlM0UlMEElMjAlMjAlMjAlMjAlMjAlMjAlMjAlMjAlM0NzdmclMjBjbGFzcyUzRCUyMmZsZXR4YSUyMiUyMHhtbG5zJTNEJTIyaHR0cCUzQSUyRiUyRnd3dy53My5vcmclMkYyMDAwJTJGc3ZnJTIyJTIwd2lkdGglM0QlMjI2OCUyMiUyMGhlaWdodCUzRCUyMjk4JTIyJTIwdmlld0JveCUzRCUyMjAlMjAwJTIwNjElMjA5MCUyMiUzRSUzQ2clMjBpZCUzRCUyMkNhcGFfMiUyMiUyMGRhdGEtbmFtZSUzRCUyMkNhcGElMjAyJTIyJTNFJTNDZyUyMGlkJTNEJTIyQ2FwYV8xLTIlMjIlMjBkYXRhLW5hbWUlM0QlMjJDYXBhJTIwMSUyMiUzRSUzQ3BvbHlnb24lMjBjbGFzcyUzRCUyMmNscy0xJTIyJTIwcG9pbnRzJTNEJTIyMTclMjAwJTIwNjElMjA0NSUyMDE3JTIwOTAlMjAwJTIwNzIlMjAyNyUyMDQ1JTIwMCUyMDE4JTIwMTclMjAwJTIyJTJGJTNFJTNDJTJGZyUzRSUzQyUyRmclM0UlM0MlMkZzdmclM0UlMEElMjAlMjAlMjAlMjAlMjAlMjAlMjAlMEElMjAlMjAlMjAlMjAlMjAlMjAlMjAlMjAlM0NzdmclMjBjbGFzcyUzRCUyMmljb25lc2VzdGF0JTIyJTIweG1sbnMlM0QlMjJodHRwJTNBJTJGJTJGd3d3LnczLm9yZyUyRjIwMDAlMkZzdmclMjIlMjB3aWR0aCUzRCUyMjMwJTIyJTIwaGVpZ2h0JTNEJTIyMzAlMjIlMjB2aWV3Qm94JTNEJTIyMCUyMDAlMjAyNCUyMDI0JTIyJTNFJTNDZGVmcyUzRSUzQ3N0eWxlJTNFLmNscy0xJTdCZmlsbCUzQSUyM0ZGRkZGRiUzQiU3RCUzQyUyRnN0eWxlJTNFJTNDJTJGZGVmcyUzRSUzQ3BhdGglMjBkJTNEJTIyTTEyJTIwMGMtNi42MjclMjAwLTEyJTIwNS4zNzMtMTIlMjAxMnM1LjM3MyUyMDEyJTIwMTIlMjAxMiUyMDEyLTUuMzczJTIwMTItMTItNS4zNzMtMTItMTItMTJ6bS0xLjI1JTIwMTcuMjkybC00LjUtNC4zNjQlMjAxLjg1Ny0xLjg1OCUyMDIuNjQzJTIwMi41MDYlMjA1LjY0My01Ljc4NCUyMDEuODU3JTIwMS44NTctNy41JTIwNy42NDN6JTIyJTJGJTNFJTNDJTJGc3ZnJTNFJTBBJTIwJTIwJTIwJTIwJTIwJTIwJTIwJTIwJTIwJTIwJTBBJTA5JTNDcCUyMGNsYXNzJTNEJTIyZmFzZSUyMiUzRUZhc2UlMjAyJTNDJTJGcCUzRSUwQSUwOSUzQ3AlMjBjbGFzcyUzRCUyMmVzdGF0JTIyJTNFVmFsaWRhY2klQzMlQjMlM0NiciUyRiUzRSUzQyUyRnAlM0UlMEElMjAlMjAlMjAlMjAlM0NwJTIwY2xhc3MlM0QlMjJkYXRlcyUyMiUzRTA0JTJGMDclMkYyMDIyJTIwJTNFJTIwMTQlMkYwOSUyRjIwMjIlM0MlMkZwJTNFJTBBJTIwJTIwJTIwJTIwJTIwJTIwJTIwJTIwJTBBJTA5JTNDJTJGZGl2JTNFJTBBJTBBJTA5JTNDZGl2JTIwY2xhc3MlM0QlMjJjb2wlMjBzcGFuXzFfb2ZfNSUyMHBhc3NhZGElMjIlM0UlMEElMjAlMjAlMjAlMjAlMjAlMEElMjAlM0NzdmclMjBjbGFzcyUzRCUyMmZsZXR4YSUyMiUyMHhtbG5zJTNEJTIyaHR0cCUzQSUyRiUyRnd3dy53My5vcmclMkYyMDAwJTJGc3ZnJTIyJTIwd2lkdGglM0QlMjI2OCUyMiUyMGhlaWdodCUzRCUyMjk4JTIyJTIwdmlld0JveCUzRCUyMjAlMjAwJTIwNjElMjA5MCUyMiUzRSUzQ2clMjBpZCUzRCUyMkNhcGFfMiUyMiUyMGRhdGEtbmFtZSUzRCUyMkNhcGElMjAyJTIyJTNFJTNDZyUyMGlkJTNEJTIyQ2FwYV8xLTIlMjIlMjBkYXRhLW5hbWUlM0QlMjJDYXBhJTIwMSUyMiUzRSUzQ3BvbHlnb24lMjBjbGFzcyUzRCUyMmNscy0xJTIyJTIwcG9pbnRzJTNEJTIyMTclMjAwJTIwNjElMjA0NSUyMDE3JTIwOTAlMjAwJTIwNzIlMjAyNyUyMDQ1JTIwMCUyMDE4JTIwMTclMjAwJTIyJTJGJTNFJTNDJTJGZyUzRSUzQyUyRmclM0UlM0MlMkZzdmclM0UlMEElMjAlMjAlMjAlMjAlMjAlMjAlMjAlMEElMjAlMjAlMjAlMjAlMjAlMjAlMjAlMjAlM0NzdmclMjBjbGFzcyUzRCUyMmljb25lc2VzdGF0JTIyJTIweG1sbnMlM0QlMjJodHRwJTNBJTJGJTJGd3d3LnczLm9yZyUyRjIwMDAlMkZzdmclMjIlMjB3aWR0aCUzRCUyMjMwJTIyJTIwaGVpZ2h0JTNEJTIyMzAlMjIlMjB2aWV3Qm94JTNEJTIyMCUyMDAlMjAyNCUyMDI0JTIyJTNFJTNDZGVmcyUzRSUzQ3N0eWxlJTNFLmNscy0xJTdCZmlsbCUzQSUyM0ZGRkZGRiUzQiU3RCUzQyUyRnN0eWxlJTNFJTNDJTJGZGVmcyUzRSUzQ3BhdGglMjBkJTNEJTIyTTEyJTIwMGMtNi42MjclMjAwLTEyJTIwNS4zNzMtMTIlMjAxMnM1LjM3MyUyMDEyJTIwMTIlMjAxMiUyMDEyLTUuMzczJTIwMTItMTItNS4zNzMtMTItMTItMTJ6bS0xLjI1JTIwMTcuMjkybC00LjUtNC4zNjQlMjAxLjg1Ny0xLjg1OCUyMDIuNjQzJTIwMi41MDYlMjA1LjY0My01Ljc4NCUyMDEuODU3JTIwMS44NTctNy41JTIwNy42NDN6JTIyJTJGJTNFJTNDJTJGc3ZnJTNFJTBBJTBBJTBBJTIwJTIwJTIwJTIwJTIwJTIwJTIwJTBBJTBBJTA5JTNDcCUyMGNsYXNzJTNEJTIyZmFzZSUyMiUzRUZhc2UlMjAzJTNDJTJGcCUzRSUwQSUwOSUzQ3AlMjBjbGFzcyUzRCUyMmVzdGF0JTIyJTNFVm90YWNpJUMzJUIzJTIwcG9wdWxhciUzQyUyRnAlM0UlMEElMDklM0NwJTIwY2xhc3MlM0QlMjJkYXRlcyUyMiUyMHN0eWxlJTNEJTIybWFyZ2luLXRvcCUzQTE3cHglM0IlMjIlM0UxNSUyRjA5JTJGMjAyMiUyMCUzRSUyMDA5JTJGMTAlMkYyMDIyJTNDJTJGcCUzRSUwQSUwOSUwQSUwOSUwQSUyMCUyMCUyMCUyMCUyMCUyMCUyMCUyMCUzQyUyRmRpdiUzRSUwQSUwQSUwOSUzQ2RpdiUyMGNsYXNzJTNEJTIyY29sJTIwc3Bhbl8xX29mXzUlMjBwYXNzYWRhJTIyJTNFJTBBJTIwJTIwJTIwJTIwJTIwJTIwJTIwJTIwJTNDc3ZnJTIwY2xhc3MlM0QlMjJpY29uZXNlc3RhdCUyMiUyMHhtbG5zJTNEJTIyaHR0cCUzQSUyRiUyRnd3dy53My5vcmclMkYyMDAwJTJGc3ZnJTIyJTIwd2lkdGglM0QlMjIzMCUyMiUyMGhlaWdodCUzRCUyMjMwJTIyJTIwdmlld0JveCUzRCUyMjAlMjAwJTIwMjQlMjAyNCUyMiUzRSUzQ2RlZnMlM0UlM0NzdHlsZSUzRS5jbHMtMSU3QmZpbGwlM0ElMjNGRkZGRkYlM0IlN0QlM0MlMkZzdHlsZSUzRSUzQyUyRmRlZnMlM0UlM0NwYXRoJTIwZCUzRCUyMk0xMiUyMDBjLTYuNjI3JTIwMC0xMiUyMDUuMzczLTEyJTIwMTJzNS4zNzMlMjAxMiUyMDEyJTIwMTIlMjAxMi01LjM3MyUyMDEyLTEyLTUuMzczLTEyLTEyLTEyem0tMS4yNSUyMDE3LjI5MmwtNC41LTQuMzY0JTIwMS44NTctMS44NTglMjAyLjY0MyUyMDIuNTA2JTIwNS42NDMtNS43ODQlMjAxLjg1NyUyMDEuODU3LTcuNSUyMDcuNjQzeiUyMiUyRiUzRSUzQyUyRnN2ZyUzRSUwQSUwQSUwQSUyMCUyMCUyMCUyMCUyMCUyMCUyMCUyMCUzQ3AlMjBjbGFzcyUzRCUyMmZhc2UlMjIlM0VGYXNlJTIwNCUzQyUyRnAlM0UlMEElMjAlMjAlMjAlMjAlMjAlMjAlMjAlMjAlM0NwJTIwY2xhc3MlM0QlMjJlc3RhdCUyMiUzRVByZXNlbnRhY2klQzMlQjMlM0NiciUyRiUzRXByZW1pYXRzJTNDJTJGcCUzRSUwQSUyMCUyMCUyMCUyMCUyMCUyMCUyMCUyMCUzQ3AlMjBjbGFzcyUzRCUyMmRhdGVzMyUyMiUzRUZFU0MlMjAyMDIyJTIwLSUyMDIyJTJGMTAlMkYyMDIyJTNDJTJGcCUzRSUwQSUzQyUyRmElM0UlMEElMjAlMjAlMjAlMjAlMjAlMjAlMjAlMjAlMEElMjAlMjAlMjAlMjAlM0MlMkZkaXYlM0UlMEElMEElMDklMEElM0MlMkZkaXYlM0U=[\/vc_raw_html][vc_empty_space height=&#8221;40px&#8221;][\/vc_column][\/vc_row][vc_row full_width=&#8221;stretch_row&#8221; content_placement=&#8221;top&#8221; full_height=&#8221;yes&#8221; columns_placement=&#8221;top&#8221; css=&#8221;.vc_custom_1663222594500{padding-top: 30px !important;}&#8221; local_scroll_id=&#8221;projectes&#8221;][vc_column][vc_empty_space height=&#8221;40px&#8221;][vc_column_text css=&#8221;.vc_custom_1567601692272{margin-bottom: 30px !important;}&#8221;]\n<p style=\"text-align: center;\"><span style=\"font-size: 28px;\"><span style=\"color: #665c2a;\"><strong>PROJECTES<\/strong><\/span><\/span><\/p>\n[\/vc_column_text][vc_empty_space height=&#8221;40px&#8221;]<div class=\"vcex-module vcex-portfolio-grid-wrap wpex-clr veure\"><ul class=\"vcex-portfolio-filter vcex-filter-links clr center\"><li class=\"filter-cat-98\"><a href=\"#\" data-filter=\".cat-98\" class=\"theme-button minimal-border\">\u00c0mbit comunitats energ\u00e8tiques 2022<\/a><\/li><li class=\"filter-cat-97\"><a href=\"#\" data-filter=\".cat-97\" class=\"theme-button minimal-border\">\u00c0mbit Probresa energ\u00e8tica 2022<\/a><\/li><li class=\"filter-cat-96\"><a href=\"#\" data-filter=\".cat-96\" class=\"theme-button minimal-border\">\u00c0mbit Transici\u00f3 energ\u00e8tica 2022<\/a><\/li><li class=\"filter-cat-102 active\"><a href=\"#\" data-filter=\".cat-102\" class=\"theme-button minimal-border\">Premiats 2022<\/a><\/li><li class=\"filter-cat-100\"><a href=\"#\" data-filter=\".cat-100\" class=\"theme-button minimal-border\">Seleccionats<\/a><\/li><\/ul><div class=\"wpex-row vcex-portfolio-grid wpex-clr entries wpex-show-on-load gap-15 match-height-grid vcex-isotope-grid\" data-filter=\".cat-102\"><div class=\"portfolio-entry entry-has-details span_1_of_4 col col-1 vcex-isotope-entry post-19475 entry type-portfolio no-media cat-96 cat-102 cat-100 translation_priority-60\"><div class=\"portfolio-entry-inner entry-inner wpex-clr\"><div class=\"portfolio-entry-media portfolio-featured-video entry-media wpex-clr\"><div class=\"responsive-video-wrap\"><iframe loading=\"lazy\" title=\"La Casa por el Tejado\" width=\"980\" height=\"551\" src=\"https:\/\/www.youtube.com\/embed\/fzkl1H_3374?feature=oembed\" frameborder=\"0\" allow=\"accelerometer; autoplay; clipboard-write; encrypted-media; gyroscope; picture-in-picture; web-share\" referrerpolicy=\"strict-origin-when-cross-origin\" allowfullscreen><\/iframe><\/div><\/div><div class=\"portfolio-entry-details entry-details wpex-clr\"><div class=\"match-height-content\"><h2 class=\"portfolio-entry-title entry-title\" style=\"text-transform:none;\"><a href=\"https:\/\/www.germinadorsocial.com\/ca\/projectes\/la-casa-por-el-tejado\/\" title=\"La Casa por el Tejado\">La Casa por el Tejado<\/a><\/h2><div class=\"portfolio-entry-excerpt entry-excerpt wpex-clr\">Projecte guanyador Transici\u00f3 Energ\u00e8tica<\/div><div class=\"portfolio-entry-readmore-wrap entry-readmore-wrap wpex-clr\"><a href=\"https:\/\/www.germinadorsocial.com\/ca\/projectes\/la-casa-por-el-tejado\/\" title=\"Veure projecte\" rel=\"bookmark\" class=\"theme-button\" style=\"font-size:14px;padding:10px;border-radius:0px;\">Veure projecte<\/a><\/div><\/div><\/div><\/div><\/div><div class=\"portfolio-entry entry-has-details span_1_of_4 col col-2 vcex-isotope-entry post-19552 entry type-portfolio no-media cat-96 cat-100 translation_priority-60\"><div class=\"portfolio-entry-inner entry-inner wpex-clr\"><div class=\"portfolio-entry-media portfolio-featured-video entry-media wpex-clr\"><div class=\"responsive-video-wrap\"><iframe loading=\"lazy\" title=\"Guia de superviv\u00e8ncia per al desgel\" width=\"980\" height=\"551\" src=\"https:\/\/www.youtube.com\/embed\/-Ec242bfUcY?feature=oembed\" frameborder=\"0\" allow=\"accelerometer; autoplay; clipboard-write; encrypted-media; gyroscope; picture-in-picture; web-share\" referrerpolicy=\"strict-origin-when-cross-origin\" allowfullscreen><\/iframe><\/div><\/div><div class=\"portfolio-entry-details entry-details wpex-clr\"><div class=\"match-height-content\"><h2 class=\"portfolio-entry-title entry-title\" style=\"text-transform:none;\"><a href=\"https:\/\/www.germinadorsocial.com\/ca\/projectes\/guia-de-supervivencia-per-al-desgel\/\" title=\"Guia de superviv\u00e8ncia per al desgel\">Guia de superviv\u00e8ncia per al desgel<\/a><\/h2><div class=\"portfolio-entry-excerpt entry-excerpt wpex-clr\"><p>Nom de l'entitat: Associaci\u00f3 cultural Corcada Teatre Idioma: Catal\u00e0 Any de creaci\u00f3: 2006 Ubicaci\u00f3: -&hellip;<\/p><\/div><div class=\"portfolio-entry-readmore-wrap entry-readmore-wrap wpex-clr\"><a href=\"https:\/\/www.germinadorsocial.com\/ca\/projectes\/guia-de-supervivencia-per-al-desgel\/\" title=\"Veure projecte\" rel=\"bookmark\" class=\"theme-button\" style=\"font-size:14px;padding:10px;border-radius:0px;\">Veure projecte<\/a><\/div><\/div><\/div><\/div><\/div><div class=\"portfolio-entry entry-has-details span_1_of_4 col col-3 vcex-isotope-entry post-19631 entry type-portfolio no-media cat-98 cat-102 cat-100 translation_priority-60\"><div class=\"portfolio-entry-inner entry-inner wpex-clr\"><div class=\"portfolio-entry-media portfolio-featured-video entry-media wpex-clr\"><div class=\"responsive-video-wrap\"><iframe loading=\"lazy\" title=\"Osona Energia SCCL\" width=\"980\" height=\"551\" src=\"https:\/\/www.youtube.com\/embed\/21AnbqqzsFU?feature=oembed\" frameborder=\"0\" allow=\"accelerometer; autoplay; clipboard-write; encrypted-media; gyroscope; picture-in-picture; web-share\" referrerpolicy=\"strict-origin-when-cross-origin\" allowfullscreen><\/iframe><\/div><\/div><div class=\"portfolio-entry-details entry-details wpex-clr\"><div class=\"match-height-content\"><h2 class=\"portfolio-entry-title entry-title\" style=\"text-transform:none;\"><a href=\"https:\/\/www.germinadorsocial.com\/ca\/projectes\/osona-energia-sccl\/\" title=\"Osona Energia Sccl\">Osona Energia Sccl<\/a><\/h2><div class=\"portfolio-entry-excerpt entry-excerpt wpex-clr\">Projecte guanyador Comunitats Energ\u00e8tiques<\/div><div class=\"portfolio-entry-readmore-wrap entry-readmore-wrap wpex-clr\"><a href=\"https:\/\/www.germinadorsocial.com\/ca\/projectes\/osona-energia-sccl\/\" title=\"Veure projecte\" rel=\"bookmark\" class=\"theme-button\" style=\"font-size:14px;padding:10px;border-radius:0px;\">Veure projecte<\/a><\/div><\/div><\/div><\/div><\/div><div class=\"portfolio-entry entry-has-details span_1_of_4 col col-4 vcex-isotope-entry post-19485 entry type-portfolio no-media cat-96 cat-100 translation_priority-59 translation_priority-60\"><div class=\"portfolio-entry-inner entry-inner wpex-clr\"><div class=\"portfolio-entry-media portfolio-featured-video entry-media wpex-clr\"><div class=\"responsive-video-wrap\"><iframe loading=\"lazy\" title=\"HELIOS, Movilidad social y responsable\" width=\"980\" height=\"551\" src=\"https:\/\/www.youtube.com\/embed\/uMIzRd3HFF0?feature=oembed\" frameborder=\"0\" allow=\"accelerometer; autoplay; clipboard-write; encrypted-media; gyroscope; picture-in-picture; web-share\" referrerpolicy=\"strict-origin-when-cross-origin\" allowfullscreen><\/iframe><\/div><\/div><div class=\"portfolio-entry-details entry-details wpex-clr\"><div class=\"match-height-content\"><h2 class=\"portfolio-entry-title entry-title\" style=\"text-transform:none;\"><a href=\"https:\/\/www.germinadorsocial.com\/ca\/projectes\/helios-movilidad-social-y-responsable\/\" title=\"HELIOS, Movilidad social y responsable\">HELIOS, Movilidad social y responsable<\/a><\/h2><div class=\"portfolio-entry-excerpt entry-excerpt wpex-clr\"><p>Nom de l'entitat: Electric Sun Mobility Idioma: Castell\u00e0 Any de creaci\u00f3: 2019 Ubicaci\u00f3: Calle Condado&hellip;<\/p><\/div><div class=\"portfolio-entry-readmore-wrap entry-readmore-wrap wpex-clr\"><a href=\"https:\/\/www.germinadorsocial.com\/ca\/projectes\/helios-movilidad-social-y-responsable\/\" title=\"Veure projecte\" rel=\"bookmark\" class=\"theme-button\" style=\"font-size:14px;padding:10px;border-radius:0px;\">Veure projecte<\/a><\/div><\/div><\/div><\/div><\/div><div class=\"portfolio-entry entry-has-details span_1_of_4 col col-1 vcex-isotope-entry post-19539 entry type-portfolio no-media cat-96 cat-100 translation_priority-59 translation_priority-60\"><div class=\"portfolio-entry-inner entry-inner wpex-clr\"><div class=\"portfolio-entry-media portfolio-featured-video entry-media wpex-clr\"><div class=\"responsive-video-wrap\"><iframe loading=\"lazy\" title=\"Bizigreta, reciclaje de pl\u00e1stico\" width=\"980\" height=\"551\" src=\"https:\/\/www.youtube.com\/embed\/VvGxUvlRa0E?feature=oembed\" frameborder=\"0\" allow=\"accelerometer; autoplay; clipboard-write; encrypted-media; gyroscope; picture-in-picture; web-share\" referrerpolicy=\"strict-origin-when-cross-origin\" allowfullscreen><\/iframe><\/div><\/div><div class=\"portfolio-entry-details entry-details wpex-clr\"><div class=\"match-height-content\"><h2 class=\"portfolio-entry-title entry-title\" style=\"text-transform:none;\"><a href=\"https:\/\/www.germinadorsocial.com\/ca\/projectes\/bizigreta-reciclaje-de-plastico\/\" title=\"Bizigreta, reciclaje de pl\u00e1stico\">Bizigreta, reciclaje de pl\u00e1stico<\/a><\/h2><div class=\"portfolio-entry-excerpt entry-excerpt wpex-clr\"><p>Nom de l'entitat: ProtoMakers.Club Idioma: Castell\u00e0 Any de creaci\u00f3: 2015 Ubicaci\u00f3: Plaza Pio Baroja, 8,&hellip;<\/p><\/div><div class=\"portfolio-entry-readmore-wrap entry-readmore-wrap wpex-clr\"><a href=\"https:\/\/www.germinadorsocial.com\/ca\/projectes\/bizigreta-reciclaje-de-plastico\/\" title=\"Veure projecte\" rel=\"bookmark\" class=\"theme-button\" style=\"font-size:14px;padding:10px;border-radius:0px;\">Veure projecte<\/a><\/div><\/div><\/div><\/div><\/div><div class=\"portfolio-entry entry-has-details span_1_of_4 col col-2 vcex-isotope-entry post-19568 entry type-portfolio no-media cat-97 cat-100 translation_priority-60\"><div class=\"portfolio-entry-inner entry-inner wpex-clr\"><div class=\"portfolio-entry-media portfolio-featured-video entry-media wpex-clr\"><div class=\"responsive-video-wrap\"><iframe loading=\"lazy\" title=\"Hostatgeria social per al sensellarisme\" width=\"980\" height=\"551\" src=\"https:\/\/www.youtube.com\/embed\/xZJEh11V0M4?feature=oembed\" frameborder=\"0\" allow=\"accelerometer; autoplay; clipboard-write; encrypted-media; gyroscope; picture-in-picture; web-share\" referrerpolicy=\"strict-origin-when-cross-origin\" allowfullscreen><\/iframe><\/div><\/div><div class=\"portfolio-entry-details entry-details wpex-clr\"><div class=\"match-height-content\"><h2 class=\"portfolio-entry-title entry-title\" style=\"text-transform:none;\"><a href=\"https:\/\/www.germinadorsocial.com\/ca\/projectes\/hostatgeria-social-per-al-sensellarisme\/\" title=\"Hostatgeria Social per al sensellarisme\">Hostatgeria Social per al sensellarisme<\/a><\/h2><div class=\"portfolio-entry-excerpt entry-excerpt wpex-clr\"><p>Nom de l'entitat: Associaci\u00f3 Ema\u00fas Rural d'Acci\u00f3 Social Idioma: Catal\u00e0 Any de creaci\u00f3: 2012 Ubicaci\u00f3:&hellip;<\/p><\/div><div class=\"portfolio-entry-readmore-wrap entry-readmore-wrap wpex-clr\"><a href=\"https:\/\/www.germinadorsocial.com\/ca\/projectes\/hostatgeria-social-per-al-sensellarisme\/\" title=\"Veure projecte\" rel=\"bookmark\" class=\"theme-button\" style=\"font-size:14px;padding:10px;border-radius:0px;\">Veure projecte<\/a><\/div><\/div><\/div><\/div><\/div><div class=\"portfolio-entry entry-has-details span_1_of_4 col col-3 vcex-isotope-entry post-19507 entry type-portfolio no-media cat-98 cat-102 cat-100 translation_priority-60\"><div class=\"portfolio-entry-inner entry-inner wpex-clr\"><div class=\"portfolio-entry-media portfolio-featured-video entry-media wpex-clr\"><div class=\"responsive-video-wrap\"><iframe loading=\"lazy\" title=\"LaPabloRenovable\" width=\"980\" height=\"551\" src=\"https:\/\/www.youtube.com\/embed\/yxCGgUvPnok?feature=oembed\" frameborder=\"0\" allow=\"accelerometer; autoplay; clipboard-write; encrypted-media; gyroscope; picture-in-picture; web-share\" referrerpolicy=\"strict-origin-when-cross-origin\" allowfullscreen><\/iframe><\/div><\/div><div class=\"portfolio-entry-details entry-details wpex-clr\"><div class=\"match-height-content\"><h2 class=\"portfolio-entry-title entry-title\" style=\"text-transform:none;\"><a href=\"https:\/\/www.germinadorsocial.com\/ca\/projectes\/lapablorenovable\/\" title=\"LaPabloRenovable\">LaPabloRenovable<\/a><\/h2><div class=\"portfolio-entry-excerpt entry-excerpt wpex-clr\">Projecte guanyador Comunitats Energ\u00e8tiques<\/div><div class=\"portfolio-entry-readmore-wrap entry-readmore-wrap wpex-clr\"><a href=\"https:\/\/www.germinadorsocial.com\/ca\/projectes\/lapablorenovable\/\" title=\"Veure projecte\" rel=\"bookmark\" class=\"theme-button\" style=\"font-size:14px;padding:10px;border-radius:0px;\">Veure projecte<\/a><\/div><\/div><\/div><\/div><\/div><div class=\"portfolio-entry entry-has-details span_1_of_4 col col-4 vcex-isotope-entry post-19586 entry type-portfolio no-media cat-97 cat-100 translation_priority-60\"><div class=\"portfolio-entry-inner entry-inner wpex-clr\"><div class=\"portfolio-entry-media portfolio-featured-video entry-media wpex-clr\"><div class=\"responsive-video-wrap\"><iframe loading=\"lazy\" title=\"I es va fer la llum, conte per infants\" width=\"980\" height=\"551\" src=\"https:\/\/www.youtube.com\/embed\/z30x0iL-78A?feature=oembed\" frameborder=\"0\" allow=\"accelerometer; autoplay; clipboard-write; encrypted-media; gyroscope; picture-in-picture; web-share\" referrerpolicy=\"strict-origin-when-cross-origin\" allowfullscreen><\/iframe><\/div><\/div><div class=\"portfolio-entry-details entry-details wpex-clr\"><div class=\"match-height-content\"><h2 class=\"portfolio-entry-title entry-title\" style=\"text-transform:none;\"><a href=\"https:\/\/www.germinadorsocial.com\/ca\/projectes\/i-es-va-fer-la-llum-conte-per-infants\/\" title=\"I es va fer la llum, conte per a infants\">I es va fer la llum, conte per a infants<\/a><\/h2><div class=\"portfolio-entry-excerpt entry-excerpt wpex-clr\"><p>Nom de l'entitat: Enginyeria sense Fronteres Idioma: Catal\u00e0 Any de creaci\u00f3: 1992 Ubicaci\u00f3: c\/ Mandoni&hellip;<\/p><\/div><div class=\"portfolio-entry-readmore-wrap entry-readmore-wrap wpex-clr\"><a href=\"https:\/\/www.germinadorsocial.com\/ca\/projectes\/i-es-va-fer-la-llum-conte-per-infants\/\" title=\"Veure projecte\" rel=\"bookmark\" class=\"theme-button\" style=\"font-size:14px;padding:10px;border-radius:0px;\">Veure projecte<\/a><\/div><\/div><\/div><\/div><\/div><div class=\"portfolio-entry entry-has-details span_1_of_4 col col-1 vcex-isotope-entry post-19573 entry type-portfolio no-media cat-97 cat-102 cat-100 translation_priority-60\"><div class=\"portfolio-entry-inner entry-inner wpex-clr\"><div class=\"portfolio-entry-media portfolio-featured-video entry-media wpex-clr\"><div class=\"responsive-video-wrap\"><iframe loading=\"lazy\" title=\"Reconnecta&#039;t, posem al centre la persona\" width=\"980\" height=\"551\" src=\"https:\/\/www.youtube.com\/embed\/XKlnO7nUehY?feature=oembed\" frameborder=\"0\" allow=\"accelerometer; autoplay; clipboard-write; encrypted-media; gyroscope; picture-in-picture; web-share\" referrerpolicy=\"strict-origin-when-cross-origin\" allowfullscreen><\/iframe><\/div><\/div><div class=\"portfolio-entry-details entry-details wpex-clr\"><div class=\"match-height-content\"><h2 class=\"portfolio-entry-title entry-title\" style=\"text-transform:none;\"><a href=\"https:\/\/www.germinadorsocial.com\/ca\/projectes\/reconnectat-posem-al-centre-la-persona\/\" title=\"Reconnecta&#8217;t\">Reconnecta&#8217;t<\/a><\/h2><div class=\"portfolio-entry-excerpt entry-excerpt wpex-clr\">Projecte guanyador Probresa energ\u00e8tica<\/div><div class=\"portfolio-entry-readmore-wrap entry-readmore-wrap wpex-clr\"><a href=\"https:\/\/www.germinadorsocial.com\/ca\/projectes\/reconnectat-posem-al-centre-la-persona\/\" title=\"Veure projecte\" rel=\"bookmark\" class=\"theme-button\" style=\"font-size:14px;padding:10px;border-radius:0px;\">Veure projecte<\/a><\/div><\/div><\/div><\/div><\/div><div class=\"portfolio-entry entry-has-details span_1_of_4 col col-2 vcex-isotope-entry post-19595 entry type-portfolio no-media cat-96 cat-100 translation_priority-60\"><div class=\"portfolio-entry-inner entry-inner wpex-clr\"><div class=\"portfolio-entry-media portfolio-featured-video entry-media wpex-clr\"><div class=\"responsive-video-wrap\"><iframe loading=\"lazy\" title=\"CAT Servei de repartiment sostenible\" width=\"980\" height=\"551\" src=\"https:\/\/www.youtube.com\/embed\/UWahw0s7AFc?feature=oembed\" frameborder=\"0\" allow=\"accelerometer; autoplay; clipboard-write; encrypted-media; gyroscope; picture-in-picture; web-share\" referrerpolicy=\"strict-origin-when-cross-origin\" allowfullscreen><\/iframe><\/div><\/div><div class=\"portfolio-entry-details entry-details wpex-clr\"><div class=\"match-height-content\"><h2 class=\"portfolio-entry-title entry-title\" style=\"text-transform:none;\"><a href=\"https:\/\/www.germinadorsocial.com\/ca\/projectes\/servei-de-repartiment-sostenible\/\" title=\"Servei de repartiment sostenible\">Servei de repartiment sostenible<\/a><\/h2><div class=\"portfolio-entry-excerpt entry-excerpt wpex-clr\"><p>Nom de l'entitat: Fundaci\u00f3 Aret\u00e9 Idioma: Catal\u00e0 Any de creaci\u00f3: 2006 Ubicaci\u00f3: Josep Maria Selva,&hellip;<\/p><\/div><div class=\"portfolio-entry-readmore-wrap entry-readmore-wrap wpex-clr\"><a href=\"https:\/\/www.germinadorsocial.com\/ca\/projectes\/servei-de-repartiment-sostenible\/\" title=\"Veure projecte\" rel=\"bookmark\" class=\"theme-button\" style=\"font-size:14px;padding:10px;border-radius:0px;\">Veure projecte<\/a><\/div><\/div><\/div><\/div><\/div><div class=\"portfolio-entry entry-has-details span_1_of_4 col col-3 vcex-isotope-entry post-19465 entry type-portfolio no-media cat-98 cat-100 translation_priority-59 translation_priority-60\"><div class=\"portfolio-entry-inner entry-inner wpex-clr\"><div class=\"portfolio-entry-media portfolio-featured-video entry-media wpex-clr\"><div class=\"responsive-video-wrap\"><iframe loading=\"lazy\" title=\"Montes de Buchabade\" width=\"980\" height=\"551\" src=\"https:\/\/www.youtube.com\/embed\/aR53oFu6a9Y?feature=oembed\" frameborder=\"0\" allow=\"accelerometer; autoplay; clipboard-write; encrypted-media; gyroscope; picture-in-picture; web-share\" referrerpolicy=\"strict-origin-when-cross-origin\" allowfullscreen><\/iframe><\/div><\/div><div class=\"portfolio-entry-details entry-details wpex-clr\"><div class=\"match-height-content\"><h2 class=\"portfolio-entry-title entry-title\" style=\"text-transform:none;\"><a href=\"https:\/\/www.germinadorsocial.com\/ca\/projectes\/comunidad-de-montes-de-buchabade\/\" title=\"Comunidad de Montes de Buchabade\">Comunidad de Montes de Buchabade<\/a><\/h2><div class=\"portfolio-entry-excerpt entry-excerpt wpex-clr\"><p>Nom de l'entitat: Comunidade Local Enerx\u00edas Renovables de Buchabade Idioma: Castell\u00e0 Any de creaci\u00f3: 2022&hellip;<\/p><\/div><div class=\"portfolio-entry-readmore-wrap entry-readmore-wrap wpex-clr\"><a href=\"https:\/\/www.germinadorsocial.com\/ca\/projectes\/comunidad-de-montes-de-buchabade\/\" title=\"Veure projecte\" rel=\"bookmark\" class=\"theme-button\" style=\"font-size:14px;padding:10px;border-radius:0px;\">Veure projecte<\/a><\/div><\/div><\/div><\/div><\/div><div class=\"portfolio-entry entry-has-details span_1_of_4 col col-4 vcex-isotope-entry post-19454 entry type-portfolio no-media cat-98 cat-100 translation_priority-60\"><div class=\"portfolio-entry-inner entry-inner wpex-clr\"><div class=\"portfolio-entry-media portfolio-featured-video entry-media wpex-clr\"><div class=\"responsive-video-wrap\"><iframe loading=\"lazy\" title=\"Borriana energ\u00e8tica\" width=\"980\" height=\"551\" src=\"https:\/\/www.youtube.com\/embed\/YXoGZ-iCQK0?feature=oembed\" frameborder=\"0\" allow=\"accelerometer; autoplay; clipboard-write; encrypted-media; gyroscope; picture-in-picture; web-share\" referrerpolicy=\"strict-origin-when-cross-origin\" allowfullscreen><\/iframe><\/div><\/div><div class=\"portfolio-entry-details entry-details wpex-clr\"><div class=\"match-height-content\"><h2 class=\"portfolio-entry-title entry-title\" style=\"text-transform:none;\"><a href=\"https:\/\/www.germinadorsocial.com\/ca\/projectes\/borriana-energetica\/\" title=\"Borriana energ\u00e8tica\">Borriana energ\u00e8tica<\/a><\/h2><div class=\"portfolio-entry-excerpt entry-excerpt wpex-clr\"><p>Nom de l'entitat: Borriana energ\u00e8tica Idioma: Castell\u00e0 Any de creaci\u00f3: 2021 Ubicaci\u00f3: C\/ Albert Einstein&hellip;<\/p><\/div><div class=\"portfolio-entry-readmore-wrap entry-readmore-wrap wpex-clr\"><a href=\"https:\/\/www.germinadorsocial.com\/ca\/projectes\/borriana-energetica\/\" title=\"Veure projecte\" rel=\"bookmark\" class=\"theme-button\" style=\"font-size:14px;padding:10px;border-radius:0px;\">Veure projecte<\/a><\/div><\/div><\/div><\/div><\/div><div class=\"portfolio-entry entry-has-details span_1_of_4 col col-1 vcex-isotope-entry post-19499 entry type-portfolio no-media cat-98 cat-100 translation_priority-59 translation_priority-60\"><div class=\"portfolio-entry-inner entry-inner wpex-clr\"><div class=\"portfolio-entry-media portfolio-featured-video entry-media wpex-clr\"><div class=\"responsive-video-wrap\"><iframe loading=\"lazy\" title=\"Guzm\u00e1n Renovable\" width=\"980\" height=\"551\" src=\"https:\/\/www.youtube.com\/embed\/a47_X9k3nQ0?feature=oembed\" frameborder=\"0\" allow=\"accelerometer; autoplay; clipboard-write; encrypted-media; gyroscope; picture-in-picture; web-share\" referrerpolicy=\"strict-origin-when-cross-origin\" allowfullscreen><\/iframe><\/div><\/div><div class=\"portfolio-entry-details entry-details wpex-clr\"><div class=\"match-height-content\"><h2 class=\"portfolio-entry-title entry-title\" style=\"text-transform:none;\"><a href=\"https:\/\/www.germinadorsocial.com\/ca\/projectes\/guzman-renovable\/\" title=\"Guzman Renovable\">Guzman Renovable<\/a><\/h2><div class=\"portfolio-entry-excerpt entry-excerpt wpex-clr\"><p>Nom de l'entitat: Guzman Renovable Idioma: Castell\u00e0 Any de creaci\u00f3: 2022 Ubicaci\u00f3: Calle Real, 1,&hellip;<\/p><\/div><div class=\"portfolio-entry-readmore-wrap entry-readmore-wrap wpex-clr\"><a href=\"https:\/\/www.germinadorsocial.com\/ca\/projectes\/guzman-renovable\/\" title=\"Veure projecte\" rel=\"bookmark\" class=\"theme-button\" style=\"font-size:14px;padding:10px;border-radius:0px;\">Veure projecte<\/a><\/div><\/div><\/div><\/div><\/div><div class=\"portfolio-entry entry-has-details span_1_of_4 col col-2 vcex-isotope-entry post-19580 entry type-portfolio no-media cat-96 cat-102 cat-100 translation_priority-60\"><div class=\"portfolio-entry-inner entry-inner wpex-clr\"><div class=\"portfolio-entry-media portfolio-featured-video entry-media wpex-clr\"><div class=\"responsive-video-wrap\"><iframe loading=\"lazy\" title=\"ePR03, Moto el\u00e8ctrica\" width=\"980\" height=\"551\" src=\"https:\/\/www.youtube.com\/embed\/jZ2EYBPiGZY?feature=oembed\" frameborder=\"0\" allow=\"accelerometer; autoplay; clipboard-write; encrypted-media; gyroscope; picture-in-picture; web-share\" referrerpolicy=\"strict-origin-when-cross-origin\" allowfullscreen><\/iframe><\/div><\/div><div class=\"portfolio-entry-details entry-details wpex-clr\"><div class=\"match-height-content\"><h2 class=\"portfolio-entry-title entry-title\" style=\"text-transform:none;\"><a href=\"https:\/\/www.germinadorsocial.com\/ca\/projectes\/epro3-moto-electrica\/\" title=\"ePR03, Moto el\u00e8ctrica\">ePR03, Moto el\u00e8ctrica<\/a><\/h2><div class=\"portfolio-entry-excerpt entry-excerpt wpex-clr\">Projecte guanyador Transici\u00f3 Energ\u00e8tica<\/div><div class=\"portfolio-entry-readmore-wrap entry-readmore-wrap wpex-clr\"><a href=\"https:\/\/www.germinadorsocial.com\/ca\/projectes\/epro3-moto-electrica\/\" title=\"Veure projecte\" rel=\"bookmark\" class=\"theme-button\" style=\"font-size:14px;padding:10px;border-radius:0px;\">Veure projecte<\/a><\/div><\/div><\/div><\/div><\/div><div class=\"portfolio-entry entry-has-details span_1_of_4 col col-3 vcex-isotope-entry post-19600 entry type-portfolio no-media cat-96 cat-100 translation_priority-60\"><div class=\"portfolio-entry-inner entry-inner wpex-clr\"><div class=\"portfolio-entry-media portfolio-featured-video entry-media wpex-clr\"><div class=\"responsive-video-wrap\"><iframe loading=\"lazy\" title=\"La Kastructora, Taller cooperatiu\" width=\"980\" height=\"551\" src=\"https:\/\/www.youtube.com\/embed\/gVtB59PWAdc?feature=oembed\" frameborder=\"0\" allow=\"accelerometer; autoplay; clipboard-write; encrypted-media; gyroscope; picture-in-picture; web-share\" referrerpolicy=\"strict-origin-when-cross-origin\" allowfullscreen><\/iframe><\/div><\/div><div class=\"portfolio-entry-details entry-details wpex-clr\"><div class=\"match-height-content\"><h2 class=\"portfolio-entry-title entry-title\" style=\"text-transform:none;\"><a href=\"https:\/\/www.germinadorsocial.com\/ca\/projectes\/la-kastructora-taller-cooperatiu\/\" title=\"La Kastructora, Taller cooperatiu\">La Kastructora, Taller cooperatiu<\/a><\/h2><div class=\"portfolio-entry-excerpt entry-excerpt wpex-clr\"><p>Nom de l'entitat: La Kastructora Idioma: Catal\u00e0 Any de creaci\u00f3: 2023 Ubicaci\u00f3: Barcelona Forma jur\u00eddica:&hellip;<\/p><\/div><div class=\"portfolio-entry-readmore-wrap entry-readmore-wrap wpex-clr\"><a href=\"https:\/\/www.germinadorsocial.com\/ca\/projectes\/la-kastructora-taller-cooperatiu\/\" title=\"Veure projecte\" rel=\"bookmark\" class=\"theme-button\" style=\"font-size:14px;padding:10px;border-radius:0px;\">Veure projecte<\/a><\/div><\/div><\/div><\/div><\/div><div class=\"portfolio-entry entry-has-details span_1_of_4 col col-4 vcex-isotope-entry post-19623 entry type-portfolio no-media cat-98 cat-100 translation_priority-59 translation_priority-60\"><div class=\"portfolio-entry-inner entry-inner wpex-clr\"><div class=\"portfolio-entry-media portfolio-featured-video entry-media wpex-clr\"><div class=\"responsive-video-wrap\"><iframe loading=\"lazy\" title=\"Pol Cooperatiu de Valls\" width=\"980\" height=\"551\" src=\"https:\/\/www.youtube.com\/embed\/qiUjmwEFVVk?feature=oembed\" frameborder=\"0\" allow=\"accelerometer; autoplay; clipboard-write; encrypted-media; gyroscope; picture-in-picture; web-share\" referrerpolicy=\"strict-origin-when-cross-origin\" allowfullscreen><\/iframe><\/div><\/div><div class=\"portfolio-entry-details entry-details wpex-clr\"><div class=\"match-height-content\"><h2 class=\"portfolio-entry-title entry-title\" style=\"text-transform:none;\"><a href=\"https:\/\/www.germinadorsocial.com\/ca\/projectes\/pol-cooperatiu-de-valls\/\" title=\"Pol Cooperatiu de Valls\">Pol Cooperatiu de Valls<\/a><\/h2><div class=\"portfolio-entry-excerpt entry-excerpt wpex-clr\"><p>Nom de l'entitat: La Titaranya SCCL Idioma: Catal\u00e0 Any de creaci\u00f3: 2019 Ubicaci\u00f3: C\/ dels&hellip;<\/p><\/div><div class=\"portfolio-entry-readmore-wrap entry-readmore-wrap wpex-clr\"><a href=\"https:\/\/www.germinadorsocial.com\/ca\/projectes\/pol-cooperatiu-de-valls\/\" title=\"Veure projecte\" rel=\"bookmark\" class=\"theme-button\" style=\"font-size:14px;padding:10px;border-radius:0px;\">Veure projecte<\/a><\/div><\/div><\/div><\/div><\/div><div class=\"portfolio-entry entry-has-details span_1_of_4 col col-1 vcex-isotope-entry post-19419 entry type-portfolio no-media cat-96 cat-100 translation_priority-59 translation_priority-60\"><div class=\"portfolio-entry-inner entry-inner wpex-clr\"><div class=\"portfolio-entry-media portfolio-featured-video entry-media wpex-clr\"><div class=\"responsive-video-wrap\"><iframe loading=\"lazy\" title=\"BASOA, Casa de Defensoras\" width=\"980\" height=\"551\" src=\"https:\/\/www.youtube.com\/embed\/KUcgDp644Fw?feature=oembed\" frameborder=\"0\" allow=\"accelerometer; autoplay; clipboard-write; encrypted-media; gyroscope; picture-in-picture; web-share\" referrerpolicy=\"strict-origin-when-cross-origin\" allowfullscreen><\/iframe><\/div><\/div><div class=\"portfolio-entry-details entry-details wpex-clr\"><div class=\"match-height-content\"><h2 class=\"portfolio-entry-title entry-title\" style=\"text-transform:none;\"><a href=\"https:\/\/www.germinadorsocial.com\/ca\/projectes\/basoa-casa-de-defensoras\/\" title=\"BASOA Casa de Defensoras\">BASOA Casa de Defensoras<\/a><\/h2><div class=\"portfolio-entry-excerpt entry-excerpt wpex-clr\"><p>Nom de l'entitat: BASOA Casa de Defensoras \/ BASOA Defendatzaileen Etxea Idioma: Castell\u00e0 Any de&hellip;<\/p><\/div><div class=\"portfolio-entry-readmore-wrap entry-readmore-wrap wpex-clr\"><a href=\"https:\/\/www.germinadorsocial.com\/ca\/projectes\/basoa-casa-de-defensoras\/\" title=\"Veure projecte\" rel=\"bookmark\" class=\"theme-button\" style=\"font-size:14px;padding:10px;border-radius:0px;\">Veure projecte<\/a><\/div><\/div><\/div><\/div><\/div><div class=\"portfolio-entry entry-has-details span_1_of_4 col col-2 vcex-isotope-entry post-19615 entry type-portfolio no-media cat-98 cat-100 translation_priority-60\"><div class=\"portfolio-entry-inner entry-inner wpex-clr\"><div class=\"portfolio-entry-media portfolio-featured-video entry-media wpex-clr\"><div class=\"responsive-video-wrap\"><iframe loading=\"lazy\" title=\"CE Roquetes\" width=\"980\" height=\"551\" src=\"https:\/\/www.youtube.com\/embed\/cATwbNmCbDU?feature=oembed\" frameborder=\"0\" allow=\"accelerometer; autoplay; clipboard-write; encrypted-media; gyroscope; picture-in-picture; web-share\" referrerpolicy=\"strict-origin-when-cross-origin\" allowfullscreen><\/iframe><\/div><\/div><div class=\"portfolio-entry-details entry-details wpex-clr\"><div class=\"match-height-content\"><h2 class=\"portfolio-entry-title entry-title\" style=\"text-transform:none;\"><a href=\"https:\/\/www.germinadorsocial.com\/ca\/projectes\/roquetes\/\" title=\"Roquetes\">Roquetes<\/a><\/h2><div class=\"portfolio-entry-excerpt entry-excerpt wpex-clr\"><p>Nom de l'entitat: La Morada, cooperativa feminista d'habitatge SCCL Idioma: Catal\u00e0 Any de creaci\u00f3: 2019&hellip;<\/p><\/div><div class=\"portfolio-entry-readmore-wrap entry-readmore-wrap wpex-clr\"><a href=\"https:\/\/www.germinadorsocial.com\/ca\/projectes\/roquetes\/\" title=\"Veure projecte\" rel=\"bookmark\" class=\"theme-button\" style=\"font-size:14px;padding:10px;border-radius:0px;\">Veure projecte<\/a><\/div><\/div><\/div><\/div><\/div><div class=\"portfolio-entry entry-has-details span_1_of_4 col col-3 vcex-isotope-entry post-19636 entry type-portfolio no-media cat-96 cat-100 translation_priority-60\"><div class=\"portfolio-entry-inner entry-inner wpex-clr\"><div class=\"portfolio-entry-media portfolio-featured-video entry-media wpex-clr\"><div class=\"responsive-video-wrap\"><iframe loading=\"lazy\" title=\"CAT Som Jovent Energ\u00e8tic\" width=\"980\" height=\"551\" src=\"https:\/\/www.youtube.com\/embed\/YiInxIak89c?feature=oembed\" frameborder=\"0\" allow=\"accelerometer; autoplay; clipboard-write; encrypted-media; gyroscope; picture-in-picture; web-share\" referrerpolicy=\"strict-origin-when-cross-origin\" allowfullscreen><\/iframe><\/div><\/div><div class=\"portfolio-entry-details entry-details wpex-clr\"><div class=\"match-height-content\"><h2 class=\"portfolio-entry-title entry-title\" style=\"text-transform:none;\"><a href=\"https:\/\/www.germinadorsocial.com\/ca\/projectes\/som-jovent-energetic\/\" title=\"Som Jovent Energ\u00e8tic\">Som Jovent Energ\u00e8tic<\/a><\/h2><div class=\"portfolio-entry-excerpt entry-excerpt wpex-clr\"><p>Nom de l'entitat: Grup Local de Terrassa de Som Energia, SCCL Idioma: Catal\u00e0 Any de&hellip;<\/p><\/div><div class=\"portfolio-entry-readmore-wrap entry-readmore-wrap wpex-clr\"><a href=\"https:\/\/www.germinadorsocial.com\/ca\/projectes\/som-jovent-energetic\/\" title=\"Veure projecte\" rel=\"bookmark\" class=\"theme-button\" style=\"font-size:14px;padding:10px;border-radius:0px;\">Veure projecte<\/a><\/div><\/div><\/div><\/div><\/div><div class=\"portfolio-entry entry-has-details span_1_of_4 col col-4 vcex-isotope-entry post-19560 entry type-portfolio no-media cat-96 cat-100 translation_priority-59 translation_priority-60\"><div class=\"portfolio-entry-inner entry-inner wpex-clr\"><div class=\"portfolio-entry-media portfolio-featured-video entry-media wpex-clr\"><div class=\"responsive-video-wrap\"><iframe loading=\"lazy\" title=\"Lla\u00fct El\u00e8ctric Sense Barreres\" width=\"980\" height=\"551\" src=\"https:\/\/www.youtube.com\/embed\/PjY2d9kSR5k?feature=oembed\" frameborder=\"0\" allow=\"accelerometer; autoplay; clipboard-write; encrypted-media; gyroscope; picture-in-picture; web-share\" referrerpolicy=\"strict-origin-when-cross-origin\" allowfullscreen><\/iframe><\/div><\/div><div class=\"portfolio-entry-details entry-details wpex-clr\"><div class=\"match-height-content\"><h2 class=\"portfolio-entry-title entry-title\" style=\"text-transform:none;\"><a href=\"https:\/\/www.germinadorsocial.com\/ca\/projectes\/llaut-electric-sense-barreres\/\" title=\"Lla\u00fct El\u00e8ctric Sense Barreres\">Lla\u00fct El\u00e8ctric Sense Barreres<\/a><\/h2><div class=\"portfolio-entry-excerpt entry-excerpt wpex-clr\"><p>Nom de l'entitat: Associaci\u00f3 El Rac\u00f3 Sostenible Idioma: Catal\u00e0 Any de creaci\u00f3: 2021 Ubicaci\u00f3: Carrer&hellip;<\/p><\/div><div class=\"portfolio-entry-readmore-wrap entry-readmore-wrap wpex-clr\"><a href=\"https:\/\/www.germinadorsocial.com\/ca\/projectes\/llaut-electric-sense-barreres\/\" title=\"Veure projecte\" rel=\"bookmark\" class=\"theme-button\" style=\"font-size:14px;padding:10px;border-radius:0px;\">Veure projecte<\/a><\/div><\/div><\/div><\/div><\/div><div class=\"portfolio-entry entry-has-details span_1_of_4 col col-1 vcex-isotope-entry post-19470 entry type-portfolio no-media cat-98 cat-100 translation_priority-59 translation_priority-60\"><div class=\"portfolio-entry-inner entry-inner wpex-clr\"><div class=\"portfolio-entry-media portfolio-featured-video entry-media wpex-clr\"><div class=\"responsive-video-wrap\"><iframe loading=\"lazy\" title=\"Sierra Moralzarzal\" width=\"980\" height=\"551\" src=\"https:\/\/www.youtube.com\/embed\/rWN9vbb2YNQ?feature=oembed\" frameborder=\"0\" allow=\"accelerometer; autoplay; clipboard-write; encrypted-media; gyroscope; picture-in-picture; web-share\" referrerpolicy=\"strict-origin-when-cross-origin\" allowfullscreen><\/iframe><\/div><\/div><div class=\"portfolio-entry-details entry-details wpex-clr\"><div class=\"match-height-content\"><h2 class=\"portfolio-entry-title entry-title\" style=\"text-transform:none;\"><a href=\"https:\/\/www.germinadorsocial.com\/ca\/projectes\/sierra-moralzarzal\/\" title=\"Comunidad Sierra Moralzarzal\">Comunidad Sierra Moralzarzal<\/a><\/h2><div class=\"portfolio-entry-excerpt entry-excerpt wpex-clr\"><p>Nom de l'entitat: Comunidad Sierra Moralzarzal Idioma: Castell\u00e0 Any de creaci\u00f3: En fase de creaci\u00f3&hellip;<\/p><\/div><div class=\"portfolio-entry-readmore-wrap entry-readmore-wrap wpex-clr\"><a href=\"https:\/\/www.germinadorsocial.com\/ca\/projectes\/sierra-moralzarzal\/\" title=\"Veure projecte\" rel=\"bookmark\" class=\"theme-button\" style=\"font-size:14px;padding:10px;border-radius:0px;\">Veure projecte<\/a><\/div><\/div><\/div><\/div><\/div><div class=\"portfolio-entry entry-has-details span_1_of_4 col col-2 vcex-isotope-entry post-19516 entry type-portfolio no-media cat-97 cat-102 cat-100 translation_priority-59 translation_priority-60\"><div class=\"portfolio-entry-inner entry-inner wpex-clr\"><div class=\"portfolio-entry-media portfolio-featured-video entry-media wpex-clr\"><div class=\"responsive-video-wrap\"><iframe loading=\"lazy\" title=\"Placas solares en los hogares de la FES\" width=\"980\" height=\"551\" src=\"https:\/\/www.youtube.com\/embed\/6zZxwKK8_vg?feature=oembed\" frameborder=\"0\" allow=\"accelerometer; autoplay; clipboard-write; encrypted-media; gyroscope; picture-in-picture; web-share\" referrerpolicy=\"strict-origin-when-cross-origin\" allowfullscreen><\/iframe><\/div><\/div><div class=\"portfolio-entry-details entry-details wpex-clr\"><div class=\"match-height-content\"><h2 class=\"portfolio-entry-title entry-title\" style=\"text-transform:none;\"><a href=\"https:\/\/www.germinadorsocial.com\/ca\/projectes\/placas-solares-en-los-hogares-de-la-escuela-de-solidaridad\/\" title=\"Placas solares FES\">Placas solares FES<\/a><\/h2><div class=\"portfolio-entry-excerpt entry-excerpt wpex-clr\">Projecte guanyador Probresa energ\u00e8tica<\/div><div class=\"portfolio-entry-readmore-wrap entry-readmore-wrap wpex-clr\"><a href=\"https:\/\/www.germinadorsocial.com\/ca\/projectes\/placas-solares-en-los-hogares-de-la-escuela-de-solidaridad\/\" title=\"Veure projecte\" rel=\"bookmark\" class=\"theme-button\" style=\"font-size:14px;padding:10px;border-radius:0px;\">Veure projecte<\/a><\/div><\/div><\/div><\/div><\/div><div class=\"portfolio-entry entry-has-details span_1_of_4 col col-3 vcex-isotope-entry post-19547 entry type-portfolio no-media cat-98 cat-100 translation_priority-60\"><div class=\"portfolio-entry-inner entry-inner wpex-clr\"><div class=\"portfolio-entry-media portfolio-featured-video entry-media wpex-clr\"><div class=\"responsive-video-wrap\"><iframe loading=\"lazy\" title=\"La Bordeta\" width=\"980\" height=\"551\" src=\"https:\/\/www.youtube.com\/embed\/_oi9pQasZPo?feature=oembed\" frameborder=\"0\" allow=\"accelerometer; autoplay; clipboard-write; encrypted-media; gyroscope; picture-in-picture; web-share\" referrerpolicy=\"strict-origin-when-cross-origin\" allowfullscreen><\/iframe><\/div><\/div><div class=\"portfolio-entry-details entry-details wpex-clr\"><div class=\"match-height-content\"><h2 class=\"portfolio-entry-title entry-title\" style=\"text-transform:none;\"><a href=\"https:\/\/www.germinadorsocial.com\/ca\/projectes\/la-bordeta\/\" title=\"La Bordeta\">La Bordeta<\/a><\/h2><div class=\"portfolio-entry-excerpt entry-excerpt wpex-clr\"><p>Nom de l'entitat: Associaci\u00f3 Comunitat Energ\u00e8tica de La Bordeta Idioma: Catal\u00e0 Any de creaci\u00f3: 2022&hellip;<\/p><\/div><div class=\"portfolio-entry-readmore-wrap entry-readmore-wrap wpex-clr\"><a href=\"https:\/\/www.germinadorsocial.com\/ca\/projectes\/la-bordeta\/\" title=\"Veure projecte\" rel=\"bookmark\" class=\"theme-button\" style=\"font-size:14px;padding:10px;border-radius:0px;\">Veure projecte<\/a><\/div><\/div><\/div><\/div><\/div><div class=\"portfolio-entry entry-has-details span_1_of_4 col col-4 vcex-isotope-entry post-19491 entry type-portfolio no-media cat-96 cat-100 translation_priority-60\"><div class=\"portfolio-entry-inner entry-inner wpex-clr\"><div class=\"portfolio-entry-media portfolio-featured-video entry-media wpex-clr\"><div class=\"responsive-video-wrap\"><iframe loading=\"lazy\" title=\"Microgeneraci\u00f3n, dispositivo electr\u00f3nico\" width=\"980\" height=\"551\" src=\"https:\/\/www.youtube.com\/embed\/gbanHvzz56c?feature=oembed\" frameborder=\"0\" allow=\"accelerometer; autoplay; clipboard-write; encrypted-media; gyroscope; picture-in-picture; web-share\" referrerpolicy=\"strict-origin-when-cross-origin\" allowfullscreen><\/iframe><\/div><\/div><div class=\"portfolio-entry-details entry-details wpex-clr\"><div class=\"match-height-content\"><h2 class=\"portfolio-entry-title entry-title\" style=\"text-transform:none;\"><a href=\"https:\/\/www.germinadorsocial.com\/ca\/projectes\/microgeneracion-dispositivo-electronico\/\" title=\"Microgeneraci\u00f3n, dispositivo electr\u00f3nico\">Microgeneraci\u00f3n, dispositivo electr\u00f3nico<\/a><\/h2><div class=\"portfolio-entry-excerpt entry-excerpt wpex-clr\"><p>Nom de l'entitat: Energ\u00eda Gara Nafarroa Idioma: Castell\u00e0 Any de creaci\u00f3: 2022 Ubicaci\u00f3: C\/ Nicanor&hellip;<\/p><\/div><div class=\"portfolio-entry-readmore-wrap entry-readmore-wrap wpex-clr\"><a href=\"https:\/\/www.germinadorsocial.com\/ca\/projectes\/microgeneracion-dispositivo-electronico\/\" title=\"Veure projecte\" rel=\"bookmark\" class=\"theme-button\" style=\"font-size:14px;padding:10px;border-radius:0px;\">Veure projecte<\/a><\/div><\/div><\/div><\/div><\/div><div class=\"portfolio-entry entry-has-details span_1_of_4 col col-1 vcex-isotope-entry post-19523 entry type-portfolio no-media cat-97 cat-100 translation_priority-59 translation_priority-60\"><div class=\"portfolio-entry-inner entry-inner wpex-clr\"><div class=\"portfolio-entry-media portfolio-featured-video entry-media wpex-clr\"><div class=\"responsive-video-wrap\"><iframe loading=\"lazy\" title=\"Light Funding, Financiaci\u00f3n energ\u00e9tica\" width=\"980\" height=\"551\" src=\"https:\/\/www.youtube.com\/embed\/qnO86lg7_XA?feature=oembed\" frameborder=\"0\" allow=\"accelerometer; autoplay; clipboard-write; encrypted-media; gyroscope; picture-in-picture; web-share\" referrerpolicy=\"strict-origin-when-cross-origin\" allowfullscreen><\/iframe><\/div><\/div><div class=\"portfolio-entry-details entry-details wpex-clr\"><div class=\"match-height-content\"><h2 class=\"portfolio-entry-title entry-title\" style=\"text-transform:none;\"><a href=\"https:\/\/www.germinadorsocial.com\/ca\/projectes\/light-funding-financiacion-energetica\/\" title=\"Light Funding, Financiaci\u00f3n energ\u00e9tica\">Light Funding, Financiaci\u00f3n energ\u00e9tica<\/a><\/h2><div class=\"portfolio-entry-excerpt entry-excerpt wpex-clr\"><p>Nom de l'entitat: Asociaci\u00f3n Soberan\u00eda Energ\u00e9tica. Nombre comercial: Light Humanity Idioma: Castell\u00e0 Any de creaci\u00f3:&hellip;<\/p><\/div><div class=\"portfolio-entry-readmore-wrap entry-readmore-wrap wpex-clr\"><a href=\"https:\/\/www.germinadorsocial.com\/ca\/projectes\/light-funding-financiacion-energetica\/\" title=\"Veure projecte\" rel=\"bookmark\" class=\"theme-button\" style=\"font-size:14px;padding:10px;border-radius:0px;\">Veure projecte<\/a><\/div><\/div><\/div><\/div><\/div><div class=\"portfolio-entry entry-has-details span_1_of_4 col col-2 vcex-isotope-entry post-19531 entry type-portfolio no-media cat-96 cat-100 translation_priority-59 translation_priority-60\"><div class=\"portfolio-entry-inner entry-inner wpex-clr\"><div class=\"portfolio-entry-media portfolio-featured-video entry-media wpex-clr\"><div class=\"responsive-video-wrap\"><iframe loading=\"lazy\" title=\"MOVIS, Movilidad Integral de Canarias\" width=\"980\" height=\"551\" src=\"https:\/\/www.youtube.com\/embed\/i_Rt4m0euR4?feature=oembed\" frameborder=\"0\" allow=\"accelerometer; autoplay; clipboard-write; encrypted-media; gyroscope; picture-in-picture; web-share\" referrerpolicy=\"strict-origin-when-cross-origin\" allowfullscreen><\/iframe><\/div><\/div><div class=\"portfolio-entry-details entry-details wpex-clr\"><div class=\"match-height-content\"><h2 class=\"portfolio-entry-title entry-title\" style=\"text-transform:none;\"><a href=\"https:\/\/www.germinadorsocial.com\/ca\/projectes\/movis-movilidad-integral-de-canarias\/\" title=\"MOVIS, Movilidad Integral de Canarias\">MOVIS, Movilidad Integral de Canarias<\/a><\/h2><div class=\"portfolio-entry-excerpt entry-excerpt wpex-clr\"><p>Nom de l'entitat: MOVIS (Movilidad Integral Sostenible de Canarias) Idioma: Castell\u00e0 Any de creaci\u00f3: 2022&hellip;<\/p><\/div><div class=\"portfolio-entry-readmore-wrap entry-readmore-wrap wpex-clr\"><a href=\"https:\/\/www.germinadorsocial.com\/ca\/projectes\/movis-movilidad-integral-de-canarias\/\" title=\"Veure projecte\" rel=\"bookmark\" class=\"theme-button\" style=\"font-size:14px;padding:10px;border-radius:0px;\">Veure projecte<\/a><\/div><\/div><\/div><\/div><\/div><\/div><\/div>[\/vc_column][\/vc_row][vc_row][vc_column][vc_empty_space height=&#8221;0px&#8221;][\/vc_column][\/vc_row][vc_row full_width=&#8221;stretch_row&#8221; content_placement=&#8221;middle&#8221; full_height=&#8221;yes&#8221; equal_height=&#8221;yes&#8221; disable_element=&#8221;yes&#8221; bg_type=&#8221;grad&#8221; el_id=&#8221;inscripcions&#8221; min_height=&#8221;400&#8243; bg_grad=&#8221;background: -webkit-gradient(linear, left top, left bottom, color-stop(0%, #FFFFFF), color-stop(33%, #F0F0F0));background: -moz-linear-gradient(top,#FFFFFF 0%,#F0F0F0 33%);background: -webkit-linear-gradient(top,#FFFFFF 0%,#F0F0F0 33%);background: -o-linear-gradient(top,#FFFFFF 0%,#F0F0F0 33%);background: -ms-linear-gradient(top,#FFFFFF 0%,#F0F0F0 33%);background: linear-gradient(top,#FFFFFF 0%,#F0F0F0 33%);&#8221;][vc_column][vc_empty_space height=&#8221;20px&#8221;]<div class=\"vc_custom_1661268464195 wpex-clr\"><div class=\"textcenter theme-button-expanded-wrap theme-button-wrap clr\"><a href=\"https:\/\/vota.somenergia.coop\/index.php\/72022?lang=ca\" title=\"Vota per nou projectes\" class=\"vcex-button theme-button minimal-border large align-center expanded animate-on-hover expanded wpex-data-hover\" target=\"_blank\" style=\"background:#ffffff;color:#bbbb14;\" data-hover-background=\"#bbbb14\" data-hover-color=\"#ffffff\"><span class=\"theme-button-inner\">Votacions obertes<\/span><\/a><\/div><\/div> [vc_column_text css=&#8221;.vc_custom_1552480695870{margin-bottom: 70px !important;}&#8221;]\n<p style=\"text-align: center;\"><span style=\"font-size: 28px;\"><span style=\"color: #665c2a;\"><strong>PARTICIPA<\/strong><\/span><\/span><\/p>\n[\/vc_column_text][vc_row_inner][vc_column_inner width=&#8221;1\/3&#8243;][vc_column_text]\n<p style=\"text-align: center;\"><span style=\"font-size: 90px; color: #b8b932; text-shadow: 1px 0 #808080;\"><strong>1<\/strong><\/span><\/p>\n<p>&nbsp;<\/p>\n<p style=\"text-align: center;\"><span style=\"font-size: 32px;\"><strong>Informa&#8217;t<\/strong><\/span><\/p>\n[\/vc_column_text][vc_separator color=&#8221;black&#8221; el_width=&#8221;30&#8243; css=&#8221;.vc_custom_1521098292039{margin-top: 20px !important;margin-bottom: 20px !important;}&#8221;][vc_column_text]\n<p style=\"text-align: center;\">Consulta les <strong><a href=\"https:\/\/docs.google.com\/document\/d\/1woO_6fEmSFilk02v-KsvIW6TnocG8-4ArZIKTMUH1iE\/edit?usp=sharing\" target=\"_blank\" rel=\"noopener noreferrer\">Bases del Concurs<\/a><\/strong>.<\/p>\n[\/vc_column_text][\/vc_column_inner][vc_column_inner width=&#8221;1\/3&#8243;][vc_column_text]\n<p style=\"text-align: center;\"><span style=\"font-size: 90px; color: #b8b932; text-shadow: 1px 0 #808080;\"><strong>2<\/strong><\/span><\/p>\n<p>&nbsp;<\/p>\n<p style=\"text-align: center;\"><span style=\"font-size: 32px;\"><strong>Prepara&#8217;t<\/strong><\/span><\/p>\n[\/vc_column_text][vc_separator color=&#8221;black&#8221; el_width=&#8221;30&#8243; css=&#8221;.vc_custom_1521098292039{margin-top: 20px !important;margin-bottom: 20px !important;}&#8221;][vc_column_text]\n<p style=\"text-align: center;\">Formulari d&#8217;inscripci\u00f3.<br \/>\nV\u00eddeo de presentaci\u00f3.<\/p>\n[\/vc_column_text][\/vc_column_inner][vc_column_inner width=&#8221;1\/3&#8243;][vc_column_text]\n<p style=\"text-align: center;\"><span style=\"font-size: 90px; color: #b8b932; text-shadow: 1px 0 #808080;\"><strong>3<\/strong><\/span><\/p>\n<p>&nbsp;<\/p>\n<p style=\"text-align: center;\"><span style=\"font-size: 32px;\"><strong>Inscriu-te<\/strong><\/span><\/p>\n[\/vc_column_text][vc_separator color=&#8221;black&#8221; el_width=&#8221;30&#8243; css=&#8221;.vc_custom_1521098292039{margin-top: 20px !important;margin-bottom: 20px !important;}&#8221;][vc_column_text]\n<p style=\"text-align: center;\">Omple el<strong> <a href=\"https:\/\/forms.gle\/Eqca3A2nyYDtiRJt9\">formulari d&#8217;inscripci\u00f3<\/a><\/strong>.<\/p>\n[\/vc_column_text][\/vc_column_inner][\/vc_row_inner][\/vc_column][\/vc_row][vc_row content_placement=&#8221;middle&#8221; visibility=&#8221;visible-phone&#8221;][vc_column width=&#8221;1\/2&#8243;][vc_single_image image=&#8221;17002&#8243; alignment=&#8221;center&#8221; onclick=&#8221;custom_link&#8221; img_link_target=&#8221;_blank&#8221; link=&#8221;https:\/\/www.somenergia.coop\/&#8221;][\/vc_column][vc_column width=&#8221;1\/2&#8243;][vc_single_image image=&#8221;17775&#8243; alignment=&#8221;center&#8221; onclick=&#8221;custom_link&#8221; img_link_target=&#8221;_blank&#8221; link=&#8221;https:\/\/www.coop57.coop\/&#8221; visibility=&#8221;visible-phone&#8221;][\/vc_column][\/vc_row]\n<\/div>","protected":false},"excerpt":{"rendered":"<p>[vc_row full_width=&#8221;stretch_row&#8221; content_placement=&#8221;middle&#8221; bg_type=&#8221;bg_color&#8221; css=&#8221;.vc_custom_1593623668364{padding-top: 25px !important;}&#8221; bg_color_value=&#8221;#675c29&#8243;][vc_column width=&#8221;2\/4&#8243;][vc_custom_heading text=&#8221;CONCURS D&#8217;INNOVACI\u00d3&#8221; font_container=&#8221;tag:h2|font_size:25px|text_align:left|color:%23bbbb14|line_height:27px&#8221; google_fonts=&#8221;font_family:Open%20Sans%3A300%2C300italic%2Cregular%2Citalic%2C600%2C600italic%2C700%2C700italic%2C800%2C800italic|font_style:400%20regular%3A400%3Anormal&#8221;][vc_custom_heading text=&#8221;PER A LA TRANSICI\u00d3 ENERG\u00c8TICA&#8221; font_container=&#8221;tag:h2|font_size:25px|text_align:left|color:%23ffffff|line_height:27px&#8221; google_fonts=&#8221;font_family:Open%20Sans%3A300%2C300italic%2Cregular%2Citalic%2C600%2C600italic%2C700%2C700italic%2C800%2C800italic|font_style:800%20bold%20regular%3A800%3Anormal&#8221;][vc_raw_html]JTNDcCUyMHN0eWxlJTNEJTIyY29sb3IlM0ElMjAlMjNmZmYlM0JwYWRkaW5nJTNBJTIwNXB4JTIwMTBweCUzQmRpc3BsYXklM0ElMjBpbmxpbmUtYmxvY2slM0JiYWNrZ3JvdW5kJTNBJTIwJTIzYmJiYjE0JTNCbWFyZ2luLXRvcCUzQSUyMDEwcHglM0IlMjIlM0U2JUMyJUFBJTIwRWRpY2klQzMlQjMlM0MlMkZwJTNF[\/vc_raw_html][\/vc_column][vc_column width=&#8221;1\/4&#8243;][vc_single_image image=&#8221;17002&#8243; onclick=&#8221;custom_link&#8221; img_link_target=&#8221;_blank&#8221; link=&#8221;https:\/\/www.somenergia.coop\/&#8221; visibility=&#8221;hidden-phone&#8221;][\/vc_column][vc_column width=&#8221;1\/4&#8243;][vc_single_image image=&#8221;17003&#8243; img_size=&#8221;500&#215;500&#8243; onclick=&#8221;custom_link&#8221; img_link_target=&#8221;_blank&#8221; link=&#8221;https:\/\/www.coop57.coop\/&#8221;][\/vc_column][\/vc_row][vc_row full_width=&#8221;stretch_row&#8221; local_scroll_id=&#8221;presentacio&#8221; css=&#8221;.vc_custom_1521096348281{margin-top: 120px !important;}&#8221;][vc_column width=&#8221;1\/3&#8243;][vc_custom_heading text=&#8221;PRESENTACI\u00d3&#8221; font_container=&#8221;tag:h2|font_size:25px|text_align:left|color:%23bbbb14|line_height:27px&#8221;&hellip;<\/p>\n","protected":false},"author":119,"featured_media":0,"parent":0,"menu_order":0,"comment_status":"closed","ping_status":"closed","template":"","meta":{"inline_featured_image":false,"footnotes":""},"class_list":["post-19279","page","type-page","status-publish","hentry","entry","no-media"],"aioseo_notices":[],"_links":{"self":[{"href":"https:\/\/www.germinadorsocial.com\/ca\/wp-json\/wp\/v2\/pages\/19279","targetHints":{"allow":["GET"]}}],"collection":[{"href":"https:\/\/www.germinadorsocial.com\/ca\/wp-json\/wp\/v2\/pages"}],"about":[{"href":"https:\/\/www.germinadorsocial.com\/ca\/wp-json\/wp\/v2\/types\/page"}],"author":[{"embeddable":true,"href":"https:\/\/www.germinadorsocial.com\/ca\/wp-json\/wp\/v2\/users\/119"}],"replies":[{"embeddable":true,"href":"https:\/\/www.germinadorsocial.com\/ca\/wp-json\/wp\/v2\/comments?post=19279"}],"version-history":[{"count":60,"href":"https:\/\/www.germinadorsocial.com\/ca\/wp-json\/wp\/v2\/pages\/19279\/revisions"}],"predecessor-version":[{"id":19891,"href":"https:\/\/www.germinadorsocial.com\/ca\/wp-json\/wp\/v2\/pages\/19279\/revisions\/19891"}],"wp:attachment":[{"href":"https:\/\/www.germinadorsocial.com\/ca\/wp-json\/wp\/v2\/media?parent=19279"}],"curies":[{"name":"wp","href":"https:\/\/api.w.org\/{rel}","templated":true}]}}